{"id":8,"date":"2021-11-01T21:49:36","date_gmt":"2021-11-01T21:49:36","guid":{"rendered":"https:\/\/ferienwohnung-bender.de\/?page_id=8"},"modified":"2023-02-28T18:51:45","modified_gmt":"2023-02-28T18:51:45","slug":"new-page-3-2","status":"publish","type":"page","link":"https:\/\/ferienwohnung-bender.de\/?page_id=8","title":{"rendered":"Die Wohnung II"},"content":{"rendered":"<div class=\"art-content-layout\">\n<div class=\"art-content-layout-row\">\n<div class=\"art-layout-cell layout-item-0\" style=\"width: 100%;\">\n<table style=\"border-collapse: collapse; width: 100%;\">\n<tbody>\n<tr>\n<td style=\"width: 50%;\">\n<p><strong>Ausstattung:<\/strong><\/p>\n<p>Die Ferienwohnung befindet sich im zweiten Obergescho\u00df und ist 50m2 gro\u00df.<\/p>\n<ul>\n<li>Die Pantryk\u00fcche ist bis vier Personen ausgestattet<\/li>\n<li>K\u00fchlschrank mit Gefrierfach<\/li>\n<li>Kaffeemaschine, Toaster, Wasserkocher<\/li>\n<li>Filtert\u00fcten, Tee<\/li>\n<li>WC-Papier, M\u00fcllbeutel, K\u00fcchenrolle<\/li>\n<li>Staubsauger, Besen u.v.m.<\/li>\n<li>TV im Wohnzimmer, Spiele<\/li>\n<li>Die Betten sind frisch bezogen<\/li>\n<li>Kinderreisebett kann gestellt werden<\/li>\n<li>Zustellbett ist vorhanden<\/li>\n<li>Separater Schlafraum im zweiten Obergescho\u00df<\/li>\n<li>Fahrradabstellraum<\/li>\n<\/ul>\n<p><strong>Preise<\/strong><br \/>\nDer Preis betr\u00e4gt bis zwei Personen 65\u20ac pro \u00dcbernachtung.<br \/>\nDer Preis richtet sich auch nach Dauer der Belegung und Anzahl der Personen.<br \/>\nEndreinigung ab 50\u20ac, sie richtet sich an Dauer und Anzahl der Personen.<\/p>\n<p><strong>Anreise<\/strong><\/p>\n<p>&#8211; Ab 14.00 Uhr (oder nach Absprache)<\/p>\n<p><strong>Abreise<\/strong><\/p>\n<p>&#8211; bis 10.00 Uhr (oder nach Absprache)<\/p>\n<p><strong>Stornierung<\/strong><\/p>\n<p>Bis zu einer Woche vor Anreise ist eine kostenlose Stornierung<br \/>\nm\u00f6glich. Bis zu vier Tagen vor Anreisedatum erheben wir 50% des<br \/>\nGesamtpreises, danach 80%.<\/p>\n<p><strong>Haftung<\/strong><\/p>\n<p>Bei Abhandenkommen oder Besch\u00e4digung abgestellter Fahrzeuge auf dem<br \/>\nhauseigenen Parkplatz\/ Fahrradabstellraum \u00fcbernehmen wir keine Haftung.<\/p>\n<p>Sollte in der Ferienwohnung durch mutwillige Besch\u00e4digung oder<br \/>\nDiebstahl ein Schaden entstehen, berechnen wir den jeweiligen Gegenstand<br \/>\nzum Neupreis.<\/p>\n<p><strong>Allgemeine Information<\/strong><\/p>\n<p>&#8211; Wir bitten Sie, bei schlechtem Wetter und bei Auszug die Fenster zu schlie\u00dfen<\/p>\n<p>&#8211; In der Heizperiode nur kurz l\u00fcften<\/p>\n<p>&#8211; Die Haust\u00fcre ist ab 21 Uhr verschlossen zu halten<\/p>\n<p>&#8211; Schl\u00fcssel d\u00fcrfen nicht an Dritte weitergegen werden<\/p>\n<p>&#8211; Die \u00dcbernachtung hausfremder Personen ist untersagt<\/p>\n<p>&#8211; Wenn es Ihnen an etwas fehlt wenden Sie sich bitte an uns<\/p>\n<p>&#8211; Sauberkeit in der Ferienwohnung und auf dem Gel\u00e4nde sollte<br \/>\nnicht nur im Interesse, sondern auch in der Mitverantwortung aller G\u00e4ste<br \/>\nliegen<\/p>\n<\/td>\n<td style=\"width: 50%;\">\nngg_shortcode_0_placeholder\n<\/td>\n<\/tr>\n<\/tbody>\n<\/table>\n<p>&nbsp;<\/p>\n<\/div>\n<\/div>\n<\/div>\n","protected":false},"excerpt":{"rendered":"<p>Ausstattung: Die Ferienwohnung befindet sich im zweiten Obergescho\u00df und ist 50m2 gro\u00df. Die Pantryk\u00fcche ist bis vier Personen ausgestattet K\u00fchlschrank mit Gefrierfach Kaffeemaschine, Toaster, Wasserkocher Filtert\u00fcten, Tee WC-Papier, M\u00fcllbeutel, K\u00fcchenrolle Staubsauger, Besen u.v.m. TV im Wohnzimmer, Spiele Die Betten sind frisch bezogen Kinderreisebett kann gestellt werden Zustellbett ist vorhanden Separater Schlafraum im zweiten Obergescho\u00df Fahrradabstellraum [&hellip;]<\/p>\n","protected":false},"author":1,"featured_media":0,"parent":0,"menu_order":3,"comment_status":"closed","ping_status":"closed","template":"","meta":{"ngg_post_thumbnail":0,"footnotes":""},"class_list":["post-8","page","type-page","status-publish","hentry"],"aioseo_notices":[],"_links":{"self":[{"href":"https:\/\/ferienwohnung-bender.de\/index.php?rest_route=\/wp\/v2\/pages\/8","targetHints":{"allow":["GET"]}}],"collection":[{"href":"https:\/\/ferienwohnung-bender.de\/index.php?rest_route=\/wp\/v2\/pages"}],"about":[{"href":"https:\/\/ferienwohnung-bender.de\/index.php?rest_route=\/wp\/v2\/types\/page"}],"author":[{"embeddable":true,"href":"https:\/\/ferienwohnung-bender.de\/index.php?rest_route=\/wp\/v2\/users\/1"}],"replies":[{"embeddable":true,"href":"https:\/\/ferienwohnung-bender.de\/index.php?rest_route=%2Fwp%2Fv2%2Fcomments&post=8"}],"version-history":[{"count":7,"href":"https:\/\/ferienwohnung-bender.de\/index.php?rest_route=\/wp\/v2\/pages\/8\/revisions"}],"predecessor-version":[{"id":89,"href":"https:\/\/ferienwohnung-bender.de\/index.php?rest_route=\/wp\/v2\/pages\/8\/revisions\/89"}],"wp:attachment":[{"href":"https:\/\/ferienwohnung-bender.de\/index.php?rest_route=%2Fwp%2Fv2%2Fmedia&parent=8"}],"curies":[{"name":"wp","href":"https:\/\/api.w.org\/{rel}","templated":true}]}}