{"id":7,"date":"2021-11-01T21:49:35","date_gmt":"2021-11-01T21:49:35","guid":{"rendered":"https:\/\/ferienwohnung-bender.de\/?page_id=7"},"modified":"2023-02-28T18:51:04","modified_gmt":"2023-02-28T18:51:04","slug":"new-page-3","status":"publish","type":"page","link":"https:\/\/ferienwohnung-bender.de\/?page_id=7","title":{"rendered":"Die Wohnung I"},"content":{"rendered":"<p><strong>&nbsp;<\/strong><\/p>\n<table style=\"text-align: left; width: 100%;\" cellspacing=\"2\" cellpadding=\"2\" border=\"0\">\n<tbody>\n<tr>\n<td style=\"vertical-align: top; width: 60.5952%;\">\n<p><strong>Ausstattung:<\/strong><\/p>\n<p>Die Ferienwohnung befindet sich im ersten Obergescho\u00df und ist 60m2 gro\u00df.<\/p>\n<ul>\n<li>Die K\u00fcche ist &nbsp;bis sechs Personen ausgestattet<\/li>\n<li>Sp\u00fclmaschine, K\u00fchlschrank mit Gefrierfach<\/li>\n<li>Kaffeemaschine, Toaster, Wasserkocher, Senseo-Padsmaschine<\/li>\n<li>Filtert\u00fcten, Tee<\/li>\n<li>WC-Papier, M\u00fcllbeutel, K\u00fcchenrolle<\/li>\n<li>Vier Plattenherd mit Backofen, Mikrowelle<\/li>\n<li>B\u00fcgeleisen, B\u00fcgelbrett, W\u00e4schest\u00e4nder<\/li>\n<li>Staubsauger, Besen u.v.m.<\/li>\n<li>TV im Wohnzimmer, Spiele<\/li>\n<li>Die Betten sind frisch bezogen<\/li>\n<li>Kinderreisebett kann gestellt werden<\/li>\n<li>Zustellbett ist vorhanden<\/li>\n<li>Separater Schlafraum im zweiten Obergescho\u00df<\/li>\n<li>Fahrradabstellraum<\/li>\n<\/ul>\n<p><strong>Preise<\/strong><br \/>\nDer Preis betr\u00e4gt bis zwei Personen 75\u20ac pro \u00dcbernachtung.<br \/>\nDer Preis richtet sich auch nach Dauer der Belegung und Anzahl der Personen.<br \/>\nEndreinigung ab 50\u20ac, sie richtet sich nach Dauer und Anzahl der Personen.<\/p>\n<p>\n<strong>Anreise<\/strong><\/p>\n<p>&#8211;&nbsp;&nbsp;&nbsp;&nbsp;&nbsp;&nbsp; Ab 14.00 Uhr (oder nach Absprache)<\/p>\n<p><strong>Abreise<\/strong><\/p>\n<p>&#8211;&nbsp;&nbsp;&nbsp;&nbsp;&nbsp;&nbsp; bis 10.00 Uhr (oder nach Absprache)<\/p>\n<p><strong>Stornierung<\/strong><\/p>\n<p>Bis zu einer Woche vor Anreise ist eine kostenlose Stornierung<br \/>\nm\u00f6glich. Bis zu vier Tagen vor Anreisedatum erheben wir 50% des<br \/>\nGesamtpreises, danach 80%.<\/p>\n<p><strong>Haftung<\/strong><\/p>\n<p>Bei Abhandenkommen oder Besch\u00e4digung abgestellter Fahrzeuge auf dem<br \/>\nhauseigenen Parkplatz\/ Fahrradabstellraum \u00fcbernehmen wir keine Haftung.<\/p>\n<p>Sollte in der Ferienwohnung durch mutwillige Besch\u00e4digung oder<br \/>\nDiebstahl ein Schaden entstehen, berechnen wir den jeweiligen Gegenstand<br \/>\nzum Neupreis.<\/p>\n<p><strong>Allgemeine Information<\/strong><\/p>\n<p>&#8211;&nbsp;&nbsp;&nbsp;&nbsp;&nbsp;&nbsp; Wir bitten Sie, bei schlechtem Wetter und bei Auszug die Fenster zu schlie\u00dfen<\/p>\n<p>&#8211;&nbsp;&nbsp;&nbsp;&nbsp;&nbsp;&nbsp; In der Heizperiode nur kurz l\u00fcften<\/p>\n<p>&#8211;&nbsp;&nbsp;&nbsp;&nbsp;&nbsp;&nbsp; Die Haust\u00fcre ist ab 21 Uhr verschlossen zu halten<\/p>\n<p>&#8211;&nbsp;&nbsp;&nbsp;&nbsp;&nbsp;&nbsp; Schl\u00fcssel d\u00fcrfen nicht an Dritte weitergegen werden<\/p>\n<p>&#8211;&nbsp;&nbsp;&nbsp;&nbsp;&nbsp;&nbsp; Die \u00dcbernachtung hausfremder Personen ist untersagt<\/p>\n<p>&#8211;&nbsp;&nbsp;&nbsp;&nbsp;&nbsp;&nbsp; Wenn es Ihnen an etwas fehlt &nbsp;wenden Sie sich bitte an uns<\/p>\n<p>&#8211;&nbsp;&nbsp;&nbsp;&nbsp;&nbsp;&nbsp; Sauberkeit in der Ferienwohnung und auf dem Gel\u00e4nde sollte<br \/>\nnicht nur im Interesse, sondern auch in der Mitverantwortung aller G\u00e4ste<br \/>\nliegen<\/p>\n<p>&nbsp;<\/p>\n<p>&nbsp;<\/p>\n<p>&nbsp;<\/p>\n<\/td>\n<td style=\"vertical-align: top; width: 38.4524%;\">\nngg_shortcode_0_placeholder\n<\/td>\n<\/tr>\n<\/tbody>\n<\/table>\n","protected":false},"excerpt":{"rendered":"<p>&nbsp; Ausstattung: Die Ferienwohnung befindet sich im ersten Obergescho\u00df und ist 60m2 gro\u00df. Die K\u00fcche ist &nbsp;bis sechs Personen ausgestattet Sp\u00fclmaschine, K\u00fchlschrank mit Gefrierfach Kaffeemaschine, Toaster, Wasserkocher, Senseo-Padsmaschine Filtert\u00fcten, Tee WC-Papier, M\u00fcllbeutel, K\u00fcchenrolle Vier Plattenherd mit Backofen, Mikrowelle B\u00fcgeleisen, B\u00fcgelbrett, W\u00e4schest\u00e4nder Staubsauger, Besen u.v.m. TV im Wohnzimmer, Spiele Die Betten sind frisch bezogen Kinderreisebett kann [&hellip;]<\/p>\n","protected":false},"author":1,"featured_media":0,"parent":0,"menu_order":2,"comment_status":"closed","ping_status":"closed","template":"","meta":{"ngg_post_thumbnail":0,"footnotes":""},"class_list":["post-7","page","type-page","status-publish","hentry"],"aioseo_notices":[],"_links":{"self":[{"href":"https:\/\/ferienwohnung-bender.de\/index.php?rest_route=\/wp\/v2\/pages\/7","targetHints":{"allow":["GET"]}}],"collection":[{"href":"https:\/\/ferienwohnung-bender.de\/index.php?rest_route=\/wp\/v2\/pages"}],"about":[{"href":"https:\/\/ferienwohnung-bender.de\/index.php?rest_route=\/wp\/v2\/types\/page"}],"author":[{"embeddable":true,"href":"https:\/\/ferienwohnung-bender.de\/index.php?rest_route=\/wp\/v2\/users\/1"}],"replies":[{"embeddable":true,"href":"https:\/\/ferienwohnung-bender.de\/index.php?rest_route=%2Fwp%2Fv2%2Fcomments&post=7"}],"version-history":[{"count":10,"href":"https:\/\/ferienwohnung-bender.de\/index.php?rest_route=\/wp\/v2\/pages\/7\/revisions"}],"predecessor-version":[{"id":88,"href":"https:\/\/ferienwohnung-bender.de\/index.php?rest_route=\/wp\/v2\/pages\/7\/revisions\/88"}],"wp:attachment":[{"href":"https:\/\/ferienwohnung-bender.de\/index.php?rest_route=%2Fwp%2Fv2%2Fmedia&parent=7"}],"curies":[{"name":"wp","href":"https:\/\/api.w.org\/{rel}","templated":true}]}}